{"id":6601,"date":"2023-10-24T07:56:53","date_gmt":"2023-10-24T07:56:53","guid":{"rendered":"https:\/\/www.lombard-detroux.be\/services\/adenoid-vegetatie\/"},"modified":"2024-10-16T10:25:50","modified_gmt":"2024-10-16T10:25:50","slug":"adenoid-vegetatie","status":"publish","type":"services","link":"https:\/\/www.lombard-detroux.be\/nl\/services\/adenoid-vegetatie\/","title":{"rendered":"Adeno\u00efd vegetatie"},"content":{"rendered":"\t\t<div data-elementor-type=\"wp-post\" data-elementor-id=\"6601\" class=\"elementor elementor-6601 elementor-309\" data-elementor-post-type=\"services\">\n\t\t\t\t<div class=\"elementor-element elementor-element-7246f2d e-flex e-con-boxed e-con e-parent\" data-id=\"7246f2d\" data-element_type=\"container\" data-settings=\"{&quot;background_background&quot;:&quot;classic&quot;,&quot;shape_divider_bottom&quot;:&quot;tilt&quot;}\">\n\t\t\t\t\t<div class=\"e-con-inner\">\n\t\t\t\t<div class=\"elementor-shape elementor-shape-bottom\" data-negative=\"false\">\n\t\t\t<svg xmlns=\"http:\/\/www.w3.org\/2000\/svg\" viewBox=\"0 0 1000 100\" preserveAspectRatio=\"none\">\n\t<path class=\"elementor-shape-fill\" d=\"M0,6V0h1000v100L0,6z\"\/>\n<\/svg>\t\t<\/div>\n\t\t<div class=\"elementor-element elementor-element-1c0e9bd e-flex e-con-boxed e-con e-child\" data-id=\"1c0e9bd\" data-element_type=\"container\">\n\t\t\t\t\t<div class=\"e-con-inner\">\n\t\t\t\t<div class=\"elementor-element elementor-element-7547003 elementor-widget__width-inherit animated-slow elementor-invisible elementor-widget elementor-widget-heading\" data-id=\"7547003\" data-element_type=\"widget\" data-settings=\"{&quot;_animation&quot;:&quot;fadeIn&quot;,&quot;_animation_delay&quot;:250}\" data-widget_type=\"heading.default\">\n\t\t\t\t<div class=\"elementor-widget-container\">\n\t\t\t<h1 class=\"elementor-heading-title elementor-size-default\">Adeno\u00efd vegetatie<\/h1>\t\t<\/div>\n\t\t\t\t<\/div>\n\t\t\t\t<div class=\"elementor-element elementor-element-d922676 elementor-widget__width-initial elementor-widget elementor-widget-text-editor\" data-id=\"d922676\" data-element_type=\"widget\" data-widget_type=\"text-editor.default\">\n\t\t\t\t<div class=\"elementor-widget-container\">\n\t\t\t\t\t\t\t<p>Adeno\u00efden zijn clusters lymfo\u00efd weefsel aan de achterkant van de neus die een rol spelen in het immuunsysteem, maar soms een operatie nodig hebben als ze verstopt raken.<\/p>\n\t\t\t\t\t\t<\/div>\n\t\t\t\t<\/div>\n\t\t\t\t\t<\/div>\n\t\t\t\t<\/div>\n\t\t\t\t\t<\/div>\n\t\t\t\t<\/div>\n\t\t<div class=\"elementor-element elementor-element-39249f8 e-flex e-con-boxed e-con e-parent\" data-id=\"39249f8\" data-element_type=\"container\">\n\t\t\t\t\t<div class=\"e-con-inner\">\n\t\t<div class=\"elementor-element elementor-element-9d81690 e-con-full e-flex e-con e-child\" data-id=\"9d81690\" data-element_type=\"container\">\n\t\t\t\t<div class=\"elementor-element elementor-element-e78fc88 elementor-widget-divider--view-line elementor-widget elementor-widget-divider\" data-id=\"e78fc88\" data-element_type=\"widget\" data-widget_type=\"divider.default\">\n\t\t\t\t<div class=\"elementor-widget-container\">\n\t\t\t\t\t<div class=\"elementor-divider\">\n\t\t\t<span class=\"elementor-divider-separator\">\n\t\t\t\t\t\t<\/span>\n\t\t<\/div>\n\t\t\t\t<\/div>\n\t\t\t\t<\/div>\n\t\t\t\t<\/div>\n\t\t<div class=\"elementor-element elementor-element-2774e0b e-con-full e-flex e-con e-child\" data-id=\"2774e0b\" data-element_type=\"container\">\n\t\t\t\t<div class=\"elementor-element elementor-element-c9fb161 elementor-widget elementor-widget-heading\" data-id=\"c9fb161\" data-element_type=\"widget\" data-widget_type=\"heading.default\">\n\t\t\t\t<div class=\"elementor-widget-container\">\n\t\t\t<h2 class=\"elementor-heading-title elementor-size-default\"><a href=\"http:\/\/a\">Adeno\u00efden: in het hart van de KNO-geneeskunde<\/a><\/h2>\t\t<\/div>\n\t\t\t\t<\/div>\n\t\t\t\t<div class=\"elementor-element elementor-element-61d66a9 elementor-widget elementor-widget-text-editor\" data-id=\"61d66a9\" data-element_type=\"widget\" data-widget_type=\"text-editor.default\">\n\t\t\t\t<div class=\"elementor-widget-container\">\n\t\t\t\t\t\t\t<p>De adeno\u00efden, ook wel &#8220;vegetaties&#8221; genoemd, liggen achter in de neusholte en zijn clusters lymfo\u00efd weefsel die lijken op amandelen. Ze spelen een cruciale rol in onze immuunafweer en spelen een actieve rol in de strijd tegen infecties. Een ontsteking of infectie kan echter leiden tot verschillende kwalen, waardoor een KNO-arts noodzakelijk is.  <\/p>\n\t\t\t\t\t\t<\/div>\n\t\t\t\t<\/div>\n\t\t\t\t<\/div>\n\t\t<div class=\"elementor-element elementor-element-788447f e-con-full e-flex e-con e-child\" data-id=\"788447f\" data-element_type=\"container\" data-settings=\"{&quot;background_background&quot;:&quot;classic&quot;}\">\n\t\t\t\t<div class=\"elementor-element elementor-element-a231107 elementor-widget elementor-widget-spacer\" data-id=\"a231107\" data-element_type=\"widget\" data-widget_type=\"spacer.default\">\n\t\t\t\t<div class=\"elementor-widget-container\">\n\t\t\t\t\t<div class=\"elementor-spacer\">\n\t\t\t<div class=\"elementor-spacer-inner\"><\/div>\n\t\t<\/div>\n\t\t\t\t<\/div>\n\t\t\t\t<\/div>\n\t\t\t\t<\/div>\n\t\t\t\t\t<\/div>\n\t\t\t\t<\/div>\n\t\t<div class=\"elementor-element elementor-element-ccfd8ff e-con-full e-flex e-con e-parent\" data-id=\"ccfd8ff\" data-element_type=\"container\">\n\t\t<div class=\"elementor-element elementor-element-2720212 e-con-full e-flex e-con e-child\" data-id=\"2720212\" data-element_type=\"container\" data-settings=\"{&quot;background_background&quot;:&quot;classic&quot;,&quot;position&quot;:&quot;absolute&quot;}\">\n\t\t<div class=\"elementor-element elementor-element-c452be5 e-flex e-con-boxed e-con e-child\" data-id=\"c452be5\" data-element_type=\"container\">\n\t\t\t\t\t<div class=\"e-con-inner\">\n\t\t\t\t\t<\/div>\n\t\t\t\t<\/div>\n\t\t\t\t<\/div>\n\t\t<div class=\"elementor-element elementor-element-4e8a0b5 e-con-full e-flex e-con e-child\" data-id=\"4e8a0b5\" data-element_type=\"container\">\n\t\t\t\t<div class=\"elementor-element elementor-element-0685ef1 elementor-widget__width-auto elementor-widget elementor-widget-heading\" data-id=\"0685ef1\" data-element_type=\"widget\" data-widget_type=\"heading.default\">\n\t\t\t\t<div class=\"elementor-widget-container\">\n\t\t\t<h2 class=\"elementor-heading-title elementor-size-default\">Onze expertise<\/h2>\t\t<\/div>\n\t\t\t\t<\/div>\n\t\t<div class=\"elementor-element elementor-element-58d9d62 e-flex e-con-boxed e-con e-child\" data-id=\"58d9d62\" data-element_type=\"container\">\n\t\t\t\t\t<div class=\"e-con-inner\">\n\t\t<div class=\"elementor-element elementor-element-9a2b258 e-con-full e-flex e-con e-child\" data-id=\"9a2b258\" data-element_type=\"container\" data-settings=\"{&quot;background_background&quot;:&quot;classic&quot;}\">\n\t\t\t\t<div class=\"elementor-element elementor-element-c7b26e0 elementor-widget elementor-widget-image\" data-id=\"c7b26e0\" data-element_type=\"widget\" data-widget_type=\"image.default\">\n\t\t\t\t<div class=\"elementor-widget-container\">\n\t\t\t\t\t\t\t\t\t\t\t\t\t<img decoding=\"async\" width=\"52\" height=\"48\" src=\"https:\/\/www.lombard-detroux.be\/wp-content\/uploads\/2024\/04\/Group-33783.webp\" class=\"attachment-full size-full wp-image-5925\" alt=\"\" \/>\t\t\t\t\t\t\t\t\t\t\t\t\t<\/div>\n\t\t\t\t<\/div>\n\t\t\t\t<div class=\"elementor-element elementor-element-5e7c780 elementor-widget elementor-widget-heading\" data-id=\"5e7c780\" data-element_type=\"widget\" data-widget_type=\"heading.default\">\n\t\t\t\t<div class=\"elementor-widget-container\">\n\t\t\t<h2 class=\"elementor-heading-title elementor-size-default\">Wanneer moet een KNO-arts worden geraadpleegd?<\/h2>\t\t<\/div>\n\t\t\t\t<\/div>\n\t\t\t\t<div class=\"elementor-element elementor-element-1a078b0 elementor-widget elementor-widget-text-editor\" data-id=\"1a078b0\" data-element_type=\"widget\" data-widget_type=\"text-editor.default\">\n\t\t\t\t<div class=\"elementor-widget-container\">\n\t\t\t\t\t\t\t<p>De vegetaties zijn zeer actief, vooral bij de allerkleinsten, en filteren en neutraliseren bacteri\u00ebn en virussen om het lichaam te beschermen. Bij ontstekingen of terugkerende infecties kunnen ze echter vervelende symptomen veroorzaken, zoals ademhalingsmoeilijkheden, snurken of terugkerende oorontstekingen. In dergelijke omstandigheden kan alleen een KNO-arts de situatie goed beoordelen en de meest geschikte behandeling voorstellen.  <\/p>\n\t\t\t\t\t\t<\/div>\n\t\t\t\t<\/div>\n\t\t\t\t<\/div>\n\t\t<div class=\"elementor-element elementor-element-4ecea21 e-con-full e-flex e-con e-child\" data-id=\"4ecea21\" data-element_type=\"container\" data-settings=\"{&quot;background_background&quot;:&quot;classic&quot;}\">\n\t\t\t\t<div class=\"elementor-element elementor-element-1409ec8 elementor-widget elementor-widget-image\" data-id=\"1409ec8\" data-element_type=\"widget\" data-widget_type=\"image.default\">\n\t\t\t\t<div class=\"elementor-widget-container\">\n\t\t\t\t\t\t\t\t\t\t\t\t\t<img decoding=\"async\" width=\"52\" height=\"48\" src=\"https:\/\/www.lombard-detroux.be\/wp-content\/uploads\/2024\/04\/Group-33783.webp\" class=\"attachment-full size-full wp-image-5925\" alt=\"\" \/>\t\t\t\t\t\t\t\t\t\t\t\t\t<\/div>\n\t\t\t\t<\/div>\n\t\t\t\t<div class=\"elementor-element elementor-element-45ec3e3 elementor-widget elementor-widget-heading\" data-id=\"45ec3e3\" data-element_type=\"widget\" data-widget_type=\"heading.default\">\n\t\t\t\t<div class=\"elementor-widget-container\">\n\t\t\t<h2 class=\"elementor-heading-title elementor-size-default\">Op weg naar een operatie: adenoidectomie<\/h2>\t\t<\/div>\n\t\t\t\t<\/div>\n\t\t\t\t<div class=\"elementor-element elementor-element-0222d8a elementor-widget elementor-widget-text-editor\" data-id=\"0222d8a\" data-element_type=\"widget\" data-widget_type=\"text-editor.default\">\n\t\t\t\t<div class=\"elementor-widget-container\">\n\t\t\t\t\t\t\t<p>Adenoidectomie is de verwijdering van de adeno\u00efden. Het wordt overwogen als een pati\u00ebnt, vaak een kind, aanhoudende problemen heeft ondanks medische behandeling, of last heeft van herhaalde infecties. Deze operatie wordt uitgevoerd door een KNO-arts en heeft als doel het welzijn van de pati\u00ebnt aanzienlijk te verbeteren.  <\/p>\n\t\t\t\t\t\t<\/div>\n\t\t\t\t<\/div>\n\t\t\t\t<\/div>\n\t\t\t\t\t<\/div>\n\t\t\t\t<\/div>\n\t\t\t\t<\/div>\n\t\t<div class=\"elementor-element elementor-element-2f193ed e-con-full e-flex e-con e-child\" data-id=\"2f193ed\" data-element_type=\"container\">\n\t\t\t\t<\/div>\n\t\t\t\t<\/div>\n\t\t\t\t<\/div>\n\t\t","protected":false},"excerpt":{"rendered":"<p>Adeno\u00efd vegetatie Adeno\u00efden zijn clusters lymfo\u00efd weefsel aan de achterkant van de neus die een rol spelen in het immuunsysteem, maar soms een operatie nodig hebben als ze verstopt raken. Adeno\u00efden: in het hart van de KNO-geneeskunde De adeno\u00efden, ook wel &#8220;vegetaties&#8221; genoemd, liggen achter in de neusholte en zijn clusters lymfo\u00efd weefsel die lijken [&hellip;]<\/p>\n","protected":false},"featured_media":0,"template":"","services_categories":[],"class_list":["post-6601","services","type-services","status-publish","hentry"],"acf":[],"yoast_head":"<!-- This site is optimized with the Yoast SEO plugin v24.0 - https:\/\/yoast.com\/wordpress\/plugins\/seo\/ -->\n<title>Adeno\u00efd vegetatie - Dr. Lombard &amp; Detroux<\/title>\n<meta name=\"robots\" content=\"index, follow, max-snippet:-1, max-image-preview:large, max-video-preview:-1\" \/>\n<link rel=\"canonical\" href=\"https:\/\/www.lombard-detroux.be\/nl\/services\/adenoid-vegetatie\/\" \/>\n<meta property=\"og:locale\" content=\"nl_NL\" \/>\n<meta property=\"og:type\" content=\"article\" \/>\n<meta property=\"og:title\" content=\"Adeno\u00efd vegetatie - Dr. Lombard &amp; Detroux\" \/>\n<meta property=\"og:description\" content=\"Adeno\u00efd vegetatie Adeno\u00efden zijn clusters lymfo\u00efd weefsel aan de achterkant van de neus die een rol spelen in het immuunsysteem, maar soms een operatie nodig hebben als ze verstopt raken. Adeno\u00efden: in het hart van de KNO-geneeskunde De adeno\u00efden, ook wel &#8220;vegetaties&#8221; genoemd, liggen achter in de neusholte en zijn clusters lymfo\u00efd weefsel die lijken [&hellip;]\" \/>\n<meta property=\"og:url\" content=\"https:\/\/www.lombard-detroux.be\/nl\/services\/adenoid-vegetatie\/\" \/>\n<meta property=\"og:site_name\" content=\"Dr. Lombard &amp; Detroux\" \/>\n<meta property=\"article:modified_time\" content=\"2024-10-16T10:25:50+00:00\" \/>\n<meta property=\"og:image\" content=\"https:\/\/www.lombard-detroux.be\/wp-content\/uploads\/2024\/04\/Group-33783.webp\" \/>\n\t<meta property=\"og:image:width\" content=\"52\" \/>\n\t<meta property=\"og:image:height\" content=\"48\" \/>\n\t<meta property=\"og:image:type\" content=\"image\/webp\" \/>\n<meta name=\"twitter:card\" content=\"summary_large_image\" \/>\n<meta name=\"twitter:label1\" content=\"Geschatte leestijd\" \/>\n\t<meta name=\"twitter:data1\" content=\"1 minuut\" \/>\n<script type=\"application\/ld+json\" class=\"yoast-schema-graph\">{\"@context\":\"https:\/\/schema.org\",\"@graph\":[{\"@type\":\"WebPage\",\"@id\":\"https:\/\/www.lombard-detroux.be\/nl\/services\/adenoid-vegetatie\/\",\"url\":\"https:\/\/www.lombard-detroux.be\/nl\/services\/adenoid-vegetatie\/\",\"name\":\"Adeno\u00efd vegetatie - Dr. Lombard &amp; Detroux\",\"isPartOf\":{\"@id\":\"https:\/\/www.lombard-detroux.be\/#website\"},\"primaryImageOfPage\":{\"@id\":\"https:\/\/www.lombard-detroux.be\/nl\/services\/adenoid-vegetatie\/#primaryimage\"},\"image\":{\"@id\":\"https:\/\/www.lombard-detroux.be\/nl\/services\/adenoid-vegetatie\/#primaryimage\"},\"thumbnailUrl\":\"https:\/\/www.lombard-detroux.be\/wp-content\/uploads\/2024\/04\/Group-33783.png\",\"datePublished\":\"2023-10-24T07:56:53+00:00\",\"dateModified\":\"2024-10-16T10:25:50+00:00\",\"breadcrumb\":{\"@id\":\"https:\/\/www.lombard-detroux.be\/nl\/services\/adenoid-vegetatie\/#breadcrumb\"},\"inLanguage\":\"nl-NL\",\"potentialAction\":[{\"@type\":\"ReadAction\",\"target\":[\"https:\/\/www.lombard-detroux.be\/nl\/services\/adenoid-vegetatie\/\"]}]},{\"@type\":\"ImageObject\",\"inLanguage\":\"nl-NL\",\"@id\":\"https:\/\/www.lombard-detroux.be\/nl\/services\/adenoid-vegetatie\/#primaryimage\",\"url\":\"https:\/\/www.lombard-detroux.be\/wp-content\/uploads\/2024\/04\/Group-33783.png\",\"contentUrl\":\"https:\/\/www.lombard-detroux.be\/wp-content\/uploads\/2024\/04\/Group-33783.png\"},{\"@type\":\"BreadcrumbList\",\"@id\":\"https:\/\/www.lombard-detroux.be\/nl\/services\/adenoid-vegetatie\/#breadcrumb\",\"itemListElement\":[{\"@type\":\"ListItem\",\"position\":1,\"name\":\"Accueil\",\"item\":\"https:\/\/www.lombard-detroux.be\/nl\/huis\/\"},{\"@type\":\"ListItem\",\"position\":2,\"name\":\"Services\",\"item\":\"https:\/\/www.lombard-detroux.be\/services\/\"},{\"@type\":\"ListItem\",\"position\":3,\"name\":\"Adeno\u00efd vegetatie\"}]},{\"@type\":\"WebSite\",\"@id\":\"https:\/\/www.lombard-detroux.be\/#website\",\"url\":\"https:\/\/www.lombard-detroux.be\/\",\"name\":\"Dr. Lombard & Detroux\",\"description\":\"M\u00e9decine maxillo-faciale et ORL\",\"publisher\":{\"@id\":\"https:\/\/www.lombard-detroux.be\/#organization\"},\"potentialAction\":[{\"@type\":\"SearchAction\",\"target\":{\"@type\":\"EntryPoint\",\"urlTemplate\":\"https:\/\/www.lombard-detroux.be\/?s={search_term_string}\"},\"query-input\":{\"@type\":\"PropertyValueSpecification\",\"valueRequired\":true,\"valueName\":\"search_term_string\"}}],\"inLanguage\":\"nl-NL\"},{\"@type\":\"Organization\",\"@id\":\"https:\/\/www.lombard-detroux.be\/#organization\",\"name\":\"Dr. Lombard & Detroux\",\"url\":\"https:\/\/www.lombard-detroux.be\/\",\"logo\":{\"@type\":\"ImageObject\",\"inLanguage\":\"nl-NL\",\"@id\":\"https:\/\/www.lombard-detroux.be\/#\/schema\/logo\/image\/\",\"url\":\"https:\/\/www.lombard-detroux.be\/wp-content\/uploads\/2023\/10\/logo-docteurs-lombard-detroux.webp\",\"contentUrl\":\"https:\/\/www.lombard-detroux.be\/wp-content\/uploads\/2023\/10\/logo-docteurs-lombard-detroux.webp\",\"width\":600,\"height\":150,\"caption\":\"Dr. Lombard & Detroux\"},\"image\":{\"@id\":\"https:\/\/www.lombard-detroux.be\/#\/schema\/logo\/image\/\"}}]}<\/script>\n<!-- \/ Yoast SEO plugin. -->","yoast_head_json":{"title":"Adeno\u00efd vegetatie - Dr. Lombard &amp; Detroux","robots":{"index":"index","follow":"follow","max-snippet":"max-snippet:-1","max-image-preview":"max-image-preview:large","max-video-preview":"max-video-preview:-1"},"canonical":"https:\/\/www.lombard-detroux.be\/nl\/services\/adenoid-vegetatie\/","og_locale":"nl_NL","og_type":"article","og_title":"Adeno\u00efd vegetatie - Dr. Lombard &amp; Detroux","og_description":"Adeno\u00efd vegetatie Adeno\u00efden zijn clusters lymfo\u00efd weefsel aan de achterkant van de neus die een rol spelen in het immuunsysteem, maar soms een operatie nodig hebben als ze verstopt raken. Adeno\u00efden: in het hart van de KNO-geneeskunde De adeno\u00efden, ook wel &#8220;vegetaties&#8221; genoemd, liggen achter in de neusholte en zijn clusters lymfo\u00efd weefsel die lijken [&hellip;]","og_url":"https:\/\/www.lombard-detroux.be\/nl\/services\/adenoid-vegetatie\/","og_site_name":"Dr. Lombard &amp; Detroux","article_modified_time":"2024-10-16T10:25:50+00:00","og_image":[{"width":52,"height":48,"url":"https:\/\/www.lombard-detroux.be\/wp-content\/uploads\/2024\/04\/Group-33783.webp","type":"image\/webp"}],"twitter_card":"summary_large_image","twitter_misc":{"Geschatte leestijd":"1 minuut"},"schema":{"@context":"https:\/\/schema.org","@graph":[{"@type":"WebPage","@id":"https:\/\/www.lombard-detroux.be\/nl\/services\/adenoid-vegetatie\/","url":"https:\/\/www.lombard-detroux.be\/nl\/services\/adenoid-vegetatie\/","name":"Adeno\u00efd vegetatie - Dr. Lombard &amp; Detroux","isPartOf":{"@id":"https:\/\/www.lombard-detroux.be\/#website"},"primaryImageOfPage":{"@id":"https:\/\/www.lombard-detroux.be\/nl\/services\/adenoid-vegetatie\/#primaryimage"},"image":{"@id":"https:\/\/www.lombard-detroux.be\/nl\/services\/adenoid-vegetatie\/#primaryimage"},"thumbnailUrl":"https:\/\/www.lombard-detroux.be\/wp-content\/uploads\/2024\/04\/Group-33783.png","datePublished":"2023-10-24T07:56:53+00:00","dateModified":"2024-10-16T10:25:50+00:00","breadcrumb":{"@id":"https:\/\/www.lombard-detroux.be\/nl\/services\/adenoid-vegetatie\/#breadcrumb"},"inLanguage":"nl-NL","potentialAction":[{"@type":"ReadAction","target":["https:\/\/www.lombard-detroux.be\/nl\/services\/adenoid-vegetatie\/"]}]},{"@type":"ImageObject","inLanguage":"nl-NL","@id":"https:\/\/www.lombard-detroux.be\/nl\/services\/adenoid-vegetatie\/#primaryimage","url":"https:\/\/www.lombard-detroux.be\/wp-content\/uploads\/2024\/04\/Group-33783.png","contentUrl":"https:\/\/www.lombard-detroux.be\/wp-content\/uploads\/2024\/04\/Group-33783.png"},{"@type":"BreadcrumbList","@id":"https:\/\/www.lombard-detroux.be\/nl\/services\/adenoid-vegetatie\/#breadcrumb","itemListElement":[{"@type":"ListItem","position":1,"name":"Accueil","item":"https:\/\/www.lombard-detroux.be\/nl\/huis\/"},{"@type":"ListItem","position":2,"name":"Services","item":"https:\/\/www.lombard-detroux.be\/services\/"},{"@type":"ListItem","position":3,"name":"Adeno\u00efd vegetatie"}]},{"@type":"WebSite","@id":"https:\/\/www.lombard-detroux.be\/#website","url":"https:\/\/www.lombard-detroux.be\/","name":"Dr. Lombard & Detroux","description":"M\u00e9decine maxillo-faciale et ORL","publisher":{"@id":"https:\/\/www.lombard-detroux.be\/#organization"},"potentialAction":[{"@type":"SearchAction","target":{"@type":"EntryPoint","urlTemplate":"https:\/\/www.lombard-detroux.be\/?s={search_term_string}"},"query-input":{"@type":"PropertyValueSpecification","valueRequired":true,"valueName":"search_term_string"}}],"inLanguage":"nl-NL"},{"@type":"Organization","@id":"https:\/\/www.lombard-detroux.be\/#organization","name":"Dr. Lombard & Detroux","url":"https:\/\/www.lombard-detroux.be\/","logo":{"@type":"ImageObject","inLanguage":"nl-NL","@id":"https:\/\/www.lombard-detroux.be\/#\/schema\/logo\/image\/","url":"https:\/\/www.lombard-detroux.be\/wp-content\/uploads\/2023\/10\/logo-docteurs-lombard-detroux.webp","contentUrl":"https:\/\/www.lombard-detroux.be\/wp-content\/uploads\/2023\/10\/logo-docteurs-lombard-detroux.webp","width":600,"height":150,"caption":"Dr. Lombard & Detroux"},"image":{"@id":"https:\/\/www.lombard-detroux.be\/#\/schema\/logo\/image\/"}}]}},"_links":{"self":[{"href":"https:\/\/www.lombard-detroux.be\/nl\/wp-json\/wp\/v2\/services\/6601","targetHints":{"allow":["GET"]}}],"collection":[{"href":"https:\/\/www.lombard-detroux.be\/nl\/wp-json\/wp\/v2\/services"}],"about":[{"href":"https:\/\/www.lombard-detroux.be\/nl\/wp-json\/wp\/v2\/types\/services"}],"version-history":[{"count":3,"href":"https:\/\/www.lombard-detroux.be\/nl\/wp-json\/wp\/v2\/services\/6601\/revisions"}],"predecessor-version":[{"id":6911,"href":"https:\/\/www.lombard-detroux.be\/nl\/wp-json\/wp\/v2\/services\/6601\/revisions\/6911"}],"wp:attachment":[{"href":"https:\/\/www.lombard-detroux.be\/nl\/wp-json\/wp\/v2\/media?parent=6601"}],"wp:term":[{"taxonomy":"services_categories","embeddable":true,"href":"https:\/\/www.lombard-detroux.be\/nl\/wp-json\/wp\/v2\/services_categories?post=6601"}],"curies":[{"name":"wp","href":"https:\/\/api.w.org\/{rel}","templated":true}]}}